{"id":15642,"date":"2020-01-24T10:10:09","date_gmt":"2020-01-24T10:10:09","guid":{"rendered":"http:\/\/cio.edu.umh.es\/?page_id=15642"},"modified":"2020-01-24T10:10:09","modified_gmt":"2020-01-24T10:10:09","slug":"angel-sanchez-2","status":"publish","type":"page","link":"https:\/\/cio.umh.es\/en\/angel-sanchez-2\/","title":{"rendered":"\u00c1ngel S\u00e1nchez"},"content":{"rendered":"<p>[:es][et_pb_section admin_label=\u00bbsection\u00bb][et_pb_row admin_label=\u00bbrow\u00bb][et_pb_column type=\u00bb4_4&#8243;][et_pb_text admin_label=\u00bbTexto\u00bb background_layout=\u00bblight\u00bb text_orientation=\u00bbleft\u00bb text_font=\u00bb|on|||\u00bb text_font_size=\u00bb25&#8243; use_border_color=\u00bboff\u00bb border_color=\u00bb#ffffff\u00bb border_style=\u00bbsolid\u00bb]<br \/>\n\u00c1ngel S\u00e1nchez<br \/>\n[\/et_pb_text][et_pb_tabs admin_label=\u00bbPesta\u00f1as\u00bb active_tab_background_color=\u00bb#f7a859&#8243; use_border_color=\u00bbon\u00bb border_color=\u00bb#ad8456&#8243; border_width=\u00bb3&#8243; border_style=\u00bbsolid\u00bb] [et_pb_tab title=\u00bbBiograf\u00eda\u00bb tab_font_select=\u00bbdefault\u00bb tab_font=\u00bb||||\u00bb tab_line_height=\u00bb2em\u00bb tab_line_height_tablet=\u00bb2em\u00bb tab_line_height_phone=\u00bb2em\u00bb body_font_select=\u00bbdefault\u00bb body_font=\u00bb||||\u00bb body_line_height=\u00bb2em\u00bb body_line_height_tablet=\u00bb2em\u00bb body_line_height_phone=\u00bb2em\u00bb]<br \/>\n&nbsp;<br \/>\n<strong><a href=\"https:\/\/cio.umh.es\/en\/files\/2011\/12\/a.sanchez.jpg\/\"><img loading=\"lazy\" class=\"alignleft size-full wp-image-1103\" src=\"https:\/\/cio.umh.es\/files\/2011\/12\/a.sanchez.jpg\" alt=\"\u00c1ngel S\u00e1nchez Barbi\u00e9\" width=\"108\" height=\"144\" \/><\/a><\/strong><b>Situaci\u00f3n profesional<\/b>:\u00a0Profesor Titular Universidad<br \/>\n<strong>Tel\u00e9fono<\/strong>: +34\u00a0\u00a096 665 8574<br \/>\n<strong>Correo<\/strong>:\u00a0a.sanchez@umh.es<br \/>\n<strong>Despacho<\/strong>:\u00a01.21 \u2013 Ed. Torretamarit \u2013 Campus de Elche<br \/>\n<strong><a href=\"https:\/\/www.umh.es\/contenido\/pas\/:persona_5349\/datos_es.html\">P\u00e1gina web personal en la UMH<\/a><\/strong><br \/>\n[\/et_pb_tab][et_pb_tab title=\u00bbPublicaciones (2)\u00bb tab_font_select=\u00bbdefault\u00bb tab_font=\u00bb||||\u00bb tab_line_height=\u00bb2em\u00bb tab_line_height_tablet=\u00bb2em\u00bb tab_line_height_phone=\u00bb2em\u00bb body_font_select=\u00bbdefault\u00bb body_font=\u00bb||||\u00bb body_line_height=\u00bb2em\u00bb body_line_height_tablet=\u00bb2em\u00bb body_line_height_phone=\u00bb2em\u00bb]<br \/>\n&nbsp;<\/p>\n<h1 class=\"plugin-title\"><div id=\"ajax-load-more\" class=\"ajax-load-more-wrap default\"  data-alm-id=\"\" data-canonical-url=\"https:\/\/cio.umh.es\/en\/angel-sanchez-2\/\" data-slug=\"angel-sanchez-2\" data-post-id=\"15642\"  data-localized=\"ajax_load_more_vars\"><ul aria-live=\"polite\" aria-atomic=\"true\" class=\"alm-listing alm-ajax\" data-container-type=\"ul\" data-loading-style=\"default\" data-repeater=\"default\" data-post-type=\"post\" data-category=\"publicaciones\" data-tag=\"A.S\u00e1nchez\" data-order=\"DESC\" data-orderby=\"date\" data-offset=\"0\" data-posts-per-page=\"5\" data-scroll=\"true\" data-scroll-distance=\"100\" data-max-pages=\"0\" data-pause-override=\"false\" data-pause=\"false\" data-button-label=\"Load More\"><\/ul><div class=\"alm-btn-wrap\" style=\"visibility: hidden;\"><button class=\"alm-load-more-btn more\" rel=\"next\" type=\"button\">Load More<\/button><\/div><\/div><\/h1>\n<p>[\/et_pb_tab][et_pb_tab title=\u00bbProyectos\u00bb tab_font_select=\u00bbdefault\u00bb tab_font=\u00bb||||\u00bb tab_line_height=\u00bb2em\u00bb tab_line_height_tablet=\u00bb2em\u00bb tab_line_height_phone=\u00bb2em\u00bb body_font_select=\u00bbdefault\u00bb body_font=\u00bb||||\u00bb body_line_height=\u00bb2em\u00bb body_line_height_tablet=\u00bb2em\u00bb body_line_height_phone=\u00bb2em\u00bb] [\/et_pb_tab] [\/et_pb_tabs][\/et_pb_column][\/et_pb_row][\/et_pb_section][:]<\/p>","protected":false},"excerpt":{"rendered":"<p>[:es][et_pb_section admin_label=\u00bbsection\u00bb][et_pb_row admin_label=\u00bbrow\u00bb][et_pb_column type=\u00bb4_4&#8243;][et_pb_text admin_label=\u00bbTexto\u00bb background_layout=\u00bblight\u00bb text_orientation=\u00bbleft\u00bb text_font=\u00bb|on|||\u00bb text_font_size=\u00bb25&#8243; use_border_color=\u00bboff\u00bb border_color=\u00bb#ffffff\u00bb border_style=\u00bbsolid\u00bb]<br \/>\n\u00c1ngel S\u00e1nchez<br \/>\n[\/et_pb_text][et_pb_tabs admin_label=\u00bbPesta\u00f1as\u00bb active_tab_background_color=\u00bb#f7a859&#8243; use_border_color=\u00bbon\u00bb border_color=\u00bb#ad8456&#8243; border_width=\u00bb3&#8243; border_style=\u00bbsolid\u00bb] [et_pb_tab title=\u00bbBiograf\u00eda\u00bb tab_font_select=\u00bbdefault\u00bb tab_font=\u00bb||||\u00bb tab_line_height=\u00bb2em\u00bb tab_line_height_tablet=\u00bb2em\u00bb tab_line_height_phone=\u00bb2em\u00bb body_font_select=\u00bbdefault\u00bb body_font=\u00bb||||\u00bb body_line_height=\u00bb2em\u00bb body_line_height_tablet=\u00bb2em\u00bb body_line_height_phone=\u00bb2em\u00bb]<br \/>\n&nbsp;<br \/>\nSituaci\u00f3n profesional:\u00a0Profesor Titular Universidad<br \/>\nTel\u00e9fono: +34\u00a0\u00a096 665 8574<br \/>\nCorreo:\u00a0a.sanchez@umh.es<br \/>\nDespacho:\u00a01.21 \u2013 Ed. Torretamarit \u2013 Campus de Elche<br \/>\nP\u00e1gina web personal en la UMH<br \/>\n[\/et_pb_tab][et_pb_tab title=\u00bbPublicaciones (2)\u00bb tab_font_select=\u00bbdefault\u00bb tab_font=\u00bb||||\u00bb tab_line_height=\u00bb2em\u00bb tab_line_height_tablet=\u00bb2em\u00bb [&#8230;]<\/p>","protected":false},"author":6202,"featured_media":0,"parent":0,"menu_order":0,"comment_status":"open","ping_status":"open","template":"","meta":{"_links_to":"","_links_to_target":""},"categories":[],"tags":[],"_links":{"self":[{"href":"https:\/\/cio.umh.es\/en\/wp-json\/wp\/v2\/pages\/15642"}],"collection":[{"href":"https:\/\/cio.umh.es\/en\/wp-json\/wp\/v2\/pages"}],"about":[{"href":"https:\/\/cio.umh.es\/en\/wp-json\/wp\/v2\/types\/page"}],"author":[{"embeddable":true,"href":"https:\/\/cio.umh.es\/en\/wp-json\/wp\/v2\/users\/6202"}],"replies":[{"embeddable":true,"href":"https:\/\/cio.umh.es\/en\/wp-json\/wp\/v2\/comments?post=15642"}],"version-history":[{"count":0,"href":"https:\/\/cio.umh.es\/en\/wp-json\/wp\/v2\/pages\/15642\/revisions"}],"wp:attachment":[{"href":"https:\/\/cio.umh.es\/en\/wp-json\/wp\/v2\/media?parent=15642"}],"wp:term":[{"taxonomy":"category","embeddable":true,"href":"https:\/\/cio.umh.es\/en\/wp-json\/wp\/v2\/categories?post=15642"},{"taxonomy":"post_tag","embeddable":true,"href":"https:\/\/cio.umh.es\/en\/wp-json\/wp\/v2\/tags?post=15642"}],"curies":[{"name":"wp","href":"https:\/\/api.w.org\/{rel}","templated":true}]}}